{"version":"1.0","provider_name":"Vag\u00e1ny - El\u0151re a v\u00e1ltoz\u00e1s \u00fatj\u00e1n","provider_url":"https:\/\/vakvagany.cafeblog.hu","author_name":"Nikkki88","author_url":"https:\/\/vakvagany.cafeblog.hu\/author\/vakvaganynakgmail-com\/","title":"B\u00e1tors\u00e1g","html":"<p><!--[if gte mso 9]&gt;-->\n \n  Normal\n  0\n  21\n  \n  \n  false\n  false\n  false\n  \n   \n   \n   \n   \n   \n  \n  MicrosoftInternetExplorer4\n \n<!--[if gte mso 9]&gt;-->\n \n \n<!--[if gte mso 10]&gt;-->\n\n \/* Style Definitions *\/\n table.MsoNormalTable\n\t{mso-style-name:\"Norm\u00e1l t\u00e1bl\u00e1zat\";\n\tmso-tstyle-rowband-size:0;\n\tmso-tstyle-colband-size:0;\n\tmso-style-noshow:yes;\n\tmso-style-parent:\"\";\n\tmso-padding-alt:0cm 5.4pt 0cm 5.4pt;\n\tmso-para-margin:0cm;\n\tmso-para-margin-bottom:.0001pt;\n\tmso-pagination:widow-orphan;\n\tfont-size:10.0pt;\n\tfont-family:\"Times New Roman\";\n\tmso-ansi-language:#0400;\n\tmso-fareast-language:#0400;\n\tmso-bidi-language:#0400;}\n\n<!--[if gte mso 9]&gt;-->\n \n<!--[if gte mso 9]&gt;-->\n \n  \n <\/p><p class=\"MsoNormal\">K\u00e9pzelj\u00fcnk el egy hidat. Egy r\u00e9gi rozoga hidat. \u00d3ri\u00e1si szakad\u00e9k felett \u00edvel \u00e1t, egyetlen \u00fatk\u00e9nt. Nincs m\u00e1s megold\u00e1s, \u00e1t kell rajta menni, de a deszk\u00e1i lyukasak, kapaszkod\u00f3 nincs \u00e9s \u00fagy t\u0171nik, hogyha s\u00faly \u00e9ri leszakad \u00e9s a m\u00e9lybe zuhanunk. Akkor mi lehet m\u00e9g a megold\u00e1s? Ha \u00fagyis a m\u00e9lybe esn\u00e9nk, t\u00e1n nem k\u00f6nnyebb \u00f6nk\u00e9nt beleugrani? S vajon melyikhez kell nagyobb b\u00e1tors\u00e1g?<\/p>  <p class=\"MsoNormal\">&nbsp;<\/p>  <p class=\"MsoNormal\">Sokszor hallom, hogy k\u00fcl\u00f6nb\u00f6z\u0151 tetteket &bdquo;b\u00e1tors\u00e1ggal&rdquo; c\u00edmk\u00e9znek. Micsoda b\u00e1tor vagy, hogy nem veszed be a gy\u00f3gyszereidet vagy p\u00e9ld\u00e1ul ez igen, nem tartod be az el\u0151\u00edr\u00e1sokat \u00e9s m\u00e9g nem bukt\u00e1l le, b\u00e1tor vagy&hellip;<\/p>  <p class=\"MsoNormal\">De ez t\u00e9nyleg b\u00e1tors\u00e1g vagy csak \u00f6n &ndash; \u00e9s forr\u00f3fej\u0171s\u00e9g kever\u00e9ke?<\/p>  <p class=\"MsoNormal\">&nbsp;<\/p>  <p class=\"MsoNormal\">Sok\u00e1ig \u00e9n is t\u00e9ved\u00e9sben \u00e9ltem. Az \u00e9letemnek volt egy id\u0151szaka, amikor tudtam a betegs\u00e9gemr\u0151l, arr\u00f3l, hogy jelen van a szervezetemben, de \u00fagy gondoltam: nem t\u00f6r\u0151d\u00f6k vele. Nem sz\u00e1m\u00edt, eml\u00edt\u00e9sre sem \u00e9rdemes. Akkor \u00fagy \u00e9reztem, ehhez b\u00e1tors\u00e1g kell. Hiszen el kell magunkkal hitetni azt, hogy nincsen baj, mik\u00f6zben valahol m\u00e9lyen egy v\u00e9szcseng\u0151 \u00e1lland\u00f3an sz\u00f3l, jelzi, hogy b\u00e1r a fej\u00fcnk a homok alatt van, a fenek\u00fcnk m\u00e9g kil\u00f3g.<\/p>  <p class=\"MsoNormal\">Ett\u0151l f\u00fcggetlen\u00fcl teljesen meg voltam arr\u00f3l gy\u0151z\u0151dve, hogy ez a helyes \u00fat. Hiszen mi lehetett volna m\u00e9g az? K\u00e9rd\u0151jeles kezel\u00e9sekbe vessem bele magam \u00e9s ford\u00edtsam ki a n\u00e9gy sark\u00e1b\u00f3l az \u00e9letem? Ugyan! Ink\u00e1bb megpr\u00f3b\u00e1lok l\u00e9pni el\u0151re. M\u00e1szni a szikl\u00e1kon, ak\u00e1r a hegym\u00e1sz\u00f3. K\u0151r\u0151l, k\u0151re kapaszkodtam felfele \u00e9s m\u00e1r l\u00e1ttam is a cs\u00facsot. B\u00e1r k\u00f6d bor\u00edtotta, de \u00e9reztem, hogy k\u00f6zel vagyok. Ekkor felettem p\u00e1r m\u00e9terre elindult egy apr\u00f3 kavics. Az egy k\u00f6vet sodort mag\u00e1val \u00e9s a v\u00e9g\u00e9n egy lavina tartott fel\u00e9m. K\u00fcszk\u00f6dve, gy\u00f6tr\u0151dve kapaszkodtam az elhat\u00e1roz\u00e1saim kisz\u00f6gell\u00e9seibe, de v\u00e9g\u00fcl az \u00e1radat elsodort. M\u00e9lyebbre, mint ahol valaha is voltam.<\/p>  <p class=\"MsoNormal\">&nbsp;<\/p>  <p class=\"MsoNormal\">Ami\u00f3ta kider\u00fclt a teljes k\u00f3rk\u00e9p \u00e9s az \u00e9let\u00fcnk rendez\u0151dni l\u00e1tszik, az\u00f3ta eg\u00e9szen m\u00e1sk\u00e9nt l\u00e1tom, a b\u00e1tors\u00e1got. Igen, val\u00f3ban sok er\u0151 kell ahhoz is, hogy valaki a m\u00e9lybe vesse mag\u00e1t, de m\u00e9g nagyobb hit sz\u00fcks\u00e9ges j\u00e1rni az utat. M\u00e9g akkor is, ha az a h\u00edd rozoga \u00e9s le akar szakadni.<\/p>  <p class=\"MsoNormal\">Nagyobb b\u00e1tors\u00e1g kell j\u00e1rni a j\u00e1rhatatlant. N\u00e9ha borzaszt\u00f3 neh\u00e9z, de szembe kell n\u00e9zni a t\u00e9nyekkel. Sokszor kapok \u00e9n is kapaszkod\u00f3 ut\u00e1n \u00e9s egy pillanatra elvesztem az egyens\u00falyom. Az \u00e9g \u00e9s a f\u00f6ld kileng k\u00f6r\u00fcl\u00f6ttem \u00e9s egy pillanatra \u00fagy \u00e9rzem zuhanok. Azt\u00e1n megkapaszkodom a deszka sark\u00e1ba. K\u00ednok k\u00f6z\u00f6tt l\u00f3gok egy darabig, majd elkezdem felh\u00fazni magam. Csak millim\u00e9terenk\u00e9nt haladok, nagyon lassan. A kezem izzad, visszacs\u00faszok.<\/p>  <p class=\"MsoNormal\">Azt\u00e1n t\u00f6bb \u00f3r\u00e1s k\u00ednl\u00f3d\u00e1ssal \u00fajra talpon vagyok \u00e9s megyek tov\u00e1bb, felemelt fejjel.<\/p>  <p class=\"MsoNormal\">&nbsp;<\/p>  <p class=\"MsoNormal\">A val\u00f3s\u00e1gban a millim\u00e9terek a mindennapok k\u00fczd\u00e9s\u00e9t jelentik. Van, amikor nem szeretn\u00e9k b\u00e1tor lenni. Nem akarom, hogy az legyek, csak egy homokbuck\u00e1ra v\u00e1gyom, ahova bedughatom a fejem. Azt\u00e1n r\u00e1j\u00f6v\u00f6k, hogy az eg\u00e9szen biztos nem \u00e9n lenn\u00e9k. R\u00e1ad\u00e1sul \u00e9n nem csat\u00e1t akarok nyerni, hanem h\u00e1bor\u00fat.<\/p>  <p class=\"MsoNormal\">Persze lehet, hogy a h\u00edd egyszer leszakad. Lehet, hogy megt\u00f6rnek a deszk\u00e1k alattam. Lehet, hogy megannyi sz\u00e1lka t\u00f6ri fel megt\u00e9p\u00e1zott l\u00e1bamat, de az\u00e9rt \u00e9n megyek, m\u00edg van \u00fat, csak megyek, am\u00edg lehet.<\/p>  <p class=\"MsoNormal\">&nbsp;<\/p>  <p class=\"MsoNormal\">Term\u00e9szetesen, az\u00e9rt ez nem ennyire fekete \u00e9s feh\u00e9r. Sokan meg vannak arr\u00f3l gy\u0151z\u0151dve, hogy az \u00e9letet t\u00e9nyleg filmkocka szer\u0171en lehet oszt\u00e1lyozni. Vil\u00e1gos \u00e9s s\u00f6t\u00e9t. Mik\u00f6zben a sz\u00ednekr\u0151l teljesen elfeledkeznek. Megannyi \u00e1rnyalat l\u00e9tezik, ahogy a b\u00e1tors\u00e1gnak is sok fajt\u00e1ja van.<\/p>  <p class=\"MsoNormal\">Van, amikor szembe kell n\u00e9zni a leszakad\u00f3 h\u00edddal. Amikor \u00e9rezz\u00fck, hogy reccsen alattunk a fa \u00e9s m\u00e1r-m\u00e1r zuhanunk. Amikor nincs mihez kapni. Igen, akkor is kell b\u00e1tors\u00e1g, kell a zuhan\u00e1shoz is nagyon sok er\u0151 \u00e9s ki tudja&hellip;lehet, hogy egy kil\u00f3g\u00f3 \u00e1gban fennakadunk \u00e9s valahogy \u00fajra felk\u00fczdj\u00fck magunkat.<\/p>  <p class=\"MsoNormal\">&nbsp;<\/p>  <p class=\"MsoNormal\">Sokszor m\u00e9g nagyobb szakad\u00e9kba zuhanunk, mint ahonnan kim\u00e1sztunk. De van olyan, aki a s\u00f6t\u00e9ts\u00e9g m\u00e9ly\u00e9n is l\u00e1tja a f\u00e9nyt. Aki az \u00e9jszak\u00e1ban is eml\u00e9kszik a napra. Az ilyen ember k\u00e9pes fel\u00e1llni \u00e9s m\u00e1szni, felfele. A h\u00eddra m\u00e1r r\u00e9g nem eml\u00e9kszik, de rem\u00e9li, hogy tal\u00e1l majd egy eddig m\u00e9g nem j\u00e1rt utat. S k\u00e9ts\u00e9gtelen, hogy ehhez, az \u00fajrakezd\u00e9shez kell a legnagyobb b\u00e1tors\u00e1g. Biztos\u00edt\u00e9k nincs, de a rem\u00e9ny \u00f6r\u00f6kk\u00e9 a mi\u00e9nk marad.<\/p>","type":"rich"}