{"version":"1.0","provider_name":"Vag\u00e1ny - El\u0151re a v\u00e1ltoz\u00e1s \u00fatj\u00e1n","provider_url":"https:\/\/vakvagany.cafeblog.hu","author_name":"Nikkki88","author_url":"https:\/\/vakvagany.cafeblog.hu\/author\/vakvaganynakgmail-com\/","title":"\u0150r\u00fclj meg velem!","html":"[caption id=\"attachment_6044086\" align=\"alignnone\" width=\"200\"]<a href=\"https:\/\/vakvagany.cafeblog.hu\/files\/2017\/03\/17195339_10211677469829391_1778741127_o.jpg\"><img class=\"size-medium wp-image-6044086\" src=\"https:\/\/vakvagany.cafeblog.hu\/files\/2017\/03\/17195339_10211677469829391_1778741127_o-200x300.jpg\" alt=\"\" width=\"200\" height=\"300\" \/><\/a> Fot\u00f3: Kondor Tam\u00e1s[\/caption]\r\n<p><span style=\"font-family: 'Courier New'\"><span style=\"color: #000000\">A k\u00f6r\u00fclm\u00e9nyeiden nem biztos, hogy tudsz v\u00e1ltoztatni. De a hozz\u00e1\u00e1ll\u00e1sodon igen. Ha azt mondod, te erre k\u00e9ptelen vagy, nem l\u00e1tsz kiutat, mert az \u00e9leted egy romhalmaz, \u00e9s minden csak egyre rosszabb lesz, akkor igazad van. Sorsodat val\u00f3ban afel\u00e9 ir\u00e1ny\u00edtod, hogy l\u00e9ted haj\u00f3ja v\u00e9g\u00fcl z\u00e1tonyra fusson. De, ha azt mondod, hogy \"k\u00e9pes vagyok r\u00e1\", ha tiszta er\u0151db\u0151l a gondolataidra, \u00e9rz\u00e9seidre koncentr\u00e1lsz, ha adsz egy es\u00e9lyt magadnak, \u00e9s a j\u00f6v\u0151nek, akkor a h\u00e1bor\u00fat f\u00e9lig m\u00e1r meg is nyerted! Ha hajland\u00f3 vagy megregul\u00e1zni f\u00e9lelmeidet, \u00e9s ha k\u00e9szen \u00e1llsz cselekedni, akkor a lehet\u0151s\u00e9gek megnyilatkoznak el\u0151tted. Ha szikla szil\u00e1rdan, tudatosan a pozit\u00edvumok fel\u00e9 korm\u00e1nyozod haj\u00f3dat, akkor a hull\u00e1mok felemelnek, s csak siklanod kell tov\u00e1bb.<\/span><\/span><\/p>\r\n<p><span style=\"font-family: 'Courier New'\"><span style=\"color: #000000\">Az, hogy \u00e9n most itt lehetek, hogy \u00edrhatom ezeket a sorokat kiz\u00e1r\u00f3lag ennek k\u00f6sz\u00f6nhet\u0151. A gondolkod\u00e1somnak, a hozz\u00e1\u00e1ll\u00e1somnak. Lehet, hogy akad, aki szerint ez \u0151r\u00fclts\u00e9g, bolonds\u00e1g. Sz\u00edve joga \u00edgy \u00e9rezni, de \u00e9n csak egyet k\u00e9rek: tarts velem! Nem \u00edg\u00e9rem, hogy az \u00fat k\u00f6nny\u0171 lesz. Sok munk\u00e1val j\u00e1r. El\u0151sz\u00f6r is tisztas\u00e1got kell teremteni a fejedben, \u00e9s a sz\u00edvedben. A negat\u00edvumok helyett most f\u00f3kusz\u00e1lj csak a pozit\u00edvumokra. Hogy neked olyan nincs? Nem hiszem! Csak n\u00e9h\u00e1ny alapvet\u0151, a teljess\u00e9g ig\u00e9nye n\u00e9lk\u00fcl: \u00e9lsz! (enn\u00e9l nincs l\u00e9nyegesebb). Vannak emberek, akiket szerethetsz, s vannak, akik szeretnek. Hopp\u00e1, itt a harmadik: ismered, tapasztalod a szeretet erej\u00e9t, hatalm\u00e1t. A negyedik sem v\u00e1rat mag\u00e1ra: tudod, hogy a f\u00e9ny legy\u0151zi a s\u00f6t\u00e9ts\u00e9get. A nappal diadalmaskodik az \u00e9jszaka felett. Hogy ez k\u00f6zhely? Lehet, de mindennapos t\u00e9ny is egyben! Soroljam m\u00e9g? Tudsz mosolyogni. Tess\u00e9k, er\u0151ltesd, pr\u00f3b\u00e1ld ki! Ja, hogy \u00e9n nem vagyok norm\u00e1lis? Lehet! De ki g\u00e1tol meg abban, hogy te is ilyen l\u00e9gy? A kis, folyamatosan \u00f6nsajn\u00e1latba fullad\u00f3 hang a fejedben? \u0150t z\u00e1rd ki onnan, nem kell neked. Tanulj meg hallgatni a sz\u00edvedre! A h\u00e1la, az \u00f6r\u00f6m, a szeretet nem csak a kiv\u00e1lts\u00e1gosoknak j\u00e1r\u00f3 \u00e9rz\u00e9sek. Nem ritka alkalmak k\u00eds\u00e9r\u0151i. Benned vannak. De ne m\u00e1sokt\u00f3l v\u00e1rd. Ne a s\u00fclt galambra \u00e1csing\u00f3zz nyitott sz\u00e1jjal, mert \u00e9hen maradsz! \u00c9s ne m\u00e1sokra figyelj, hogy nekik mennyivel jobb, vagy rosszabb. L\u00e9nyegtelen. Te vagy a l\u00e9nyeg. Hogy ez \u00f6nz\u0151s\u00e9g? Dehogyis! Ha benned, \u00e9s veled minden rendben van, ha lelked kerek eg\u00e9szet alkot, \u00e9s a gondolataid harm\u00f3ni\u00e1ban \u00e9lnek \u00e9rz\u00e9seiddel, akkor m\u00e1r k\u00e9pes vagy nyitott sz\u00edvvel odafordulni m\u00e1sokhoz, \u00e9s adni. Adni abb\u00f3l, amid van. Ne agyalj most a p\u00e9nzt\u00e1rc\u00e1dban nem l\u00e9tez\u0151 t\u00edzezreseken, \u00e9s hogy az apan\u00e1zs meddig el\u00e9g. \u00c9n nem err\u0151l besz\u00e9lek! Gazdags\u00e1godat ezent\u00fal m\u00e1s m\u00e9rt\u00e9kegys\u00e9gben kell m\u00e9rned. P\u00e9ld\u00e1ul \u00e9rzelmeid b\u0151s\u00e9g\u00e9ben, mosolyaid \u0151szintes\u00e9g\u00e9ben, j\u00f3k\u00edv\u00e1ns\u00e1gaid sz\u00e1m\u00e1ban.<\/span><\/span><\/p>\r\n[caption id=\"attachment_6044085\" align=\"alignnone\" width=\"300\"]<a href=\"https:\/\/vakvagany.cafeblog.hu\/files\/2017\/03\/16805203_10211508144276358_225081428_o.jpg\"><img class=\"size-medium wp-image-6044085\" src=\"https:\/\/vakvagany.cafeblog.hu\/files\/2017\/03\/16805203_10211508144276358_225081428_o-300x300.jpg\" alt=\"\" width=\"300\" height=\"300\" \/><\/a> Fot\u00f3: Kondor Tam\u00e1s[\/caption]\r\n<p><span style=\"font-family: 'Courier New'\"><span style=\"color: #000000\">Ha \u00e1tmegy a zebr\u00e1n el\u0151tted egy aut\u00f3s mit teszel? Felki\u00e1ltasz, hogy \"na ez a barom is egy a sok idi\u00f3ta \u00e1llat k\u00f6z\u00fcl\". J\u00f3. Kimondtad. \u00c9s, most jobb lett? Visszap\u00f6rg\u00f6tt az id\u0151 kereke, \u00e9s r\u00fckvercbe \u00e1llt a kocsi? Ja, hogy nem? Akkor meg mi \u00e9rtelme van szidalmazni b\u00e1rkit? \u00c9s neked mi hasznod sz\u00e1rmazik abb\u00f3l, hogyha negat\u00edv hull\u00e1mokat sug\u00e1rzol? A l\u00e9nyeg, azaz a sof\u0151r viselked\u00e9se \u00e1talakul? Nem! Viszont benned megindulnak a rossz gondolatok, fejed f\u00f6l\u00f6tt fekete felh\u0151k kezdenek gy\u00fclekezni, azt\u00e1n hirtelen kicsap az els\u0151 vill\u00e1m. Csak hergeled, hergeled magad, \u00e9s a v\u00e9g\u00e9n r\u00e1d\u00f6bbensz, ez az eg\u00e9sz \u00e9let egy nagy kalap mad\u00e1r\u00fcr\u00fcl\u00e9k. S\u0151t, mit mad\u00e1r, az t\u00fal kev\u00e9s, legyen l\u00f3v\u00e9gterm\u00e9k.<\/span><\/span><\/p>\r\n<p><span style=\"font-family: 'Courier New'\"><span style=\"color: #000000\">Ezzel szemben, ha vett\u00e9l volna egy m\u00e9ly leveg\u0151t, mik\u00f6zben \u00e1ld\u00e1st k\u00fcldesz az ismeretlennek, azt k\u00edv\u00e1nva, hogy a k\u00f6vetkez\u0151 sarkon legyen figyelmesebb, m\u00e1sok, \u00e9s saj\u00e1t testi \u00e9ps\u00e9g\u00e9nek \u00e9rdek\u00e9ben, akkor m\u00e1r r\u00e9g el is felejtetted volna az eg\u00e9szet, s\u0151t. Sz\u00edvedb\u0151l megindultak volna a pozit\u00edv er\u0151k, melyek k\u00e9pesek seg\u00edteni.<\/span><\/span><\/p>\r\n<p><span style=\"font-family: 'Courier New'\"><span style=\"color: #000000\">Hogy benned nincsenek ilyen l\u00e1thatatlan energi\u00e1k, \u00e9s \u00e9n szerencs\u00e9s kiv\u00e9tel vagyok? Egy fr\u00e1szt! :)<\/span><\/span><\/p>\r\n<p><span style=\"font-family: 'Courier New'\"><span style=\"color: #000000\">Mindenkiben ott van a lehet\u0151s\u00e9g! B\u00e1rki bebizony\u00edthatja, hogy a szeretet hatalom! De mondok m\u00e1st is, ha te csak a negat\u00edvumokra koncentr\u00e1lsz veszett\u00fcl, akkor k\u00e9pes vagy azokat tov\u00e1bb n\u00f6velni, gerjeszteni, gener\u00e1lni. \u00c9rted m\u00e1r? Benned van az es\u00e9ly arra, hogy v\u00e1ltoztass, csak k\u00e9rd\u00e9s, hogy veszed-e a f\u00e1radts\u00e1got elhinni, kipr\u00f3b\u00e1lni, \u00e9s t\u00e1ntor\u00edthatatlanul dolgozni azon, hogy a benned d\u00fal\u00f3 viharnak egyszer, s mindenkorra v\u00e9get vess. Ugyanis, ha erre hajland\u00f3 vagy, akkor id\u0151vel meg fogod l\u00e1tni, hogy ahogy a bens\u0151d alakul, sz\u00e9p\u00fcl, tisztul, \u00fagy a k\u00fclvil\u00e1god festette k\u00e9p is egyre gy\u00f6ny\u00f6r\u0171bb\u00e9 v\u00e1lik.<\/span><\/span><\/p>\r\n<p><span style=\"font-family: 'Courier New'\"><span style=\"color: #000000\">\u00c9n m\u00e1r h\u00f3napok \u00f3ta nem tal\u00e1lkozom az utc\u00e1n bunk\u00f3 emberekkel. Vajon a vil\u00e1g v\u00e1ltozott meg? Nem, sokkal es\u00e9lyesebb, hogy \u00e9n l\u00e1tom m\u00e1sk\u00e9nt a dolgokat. \u00cdgy azt\u00e1n lehet, hogy a zavar\u00f3 elemek ugyan\u00fagy ott cik\u00e1znak a h\u00e9tk\u00f6znapokban, csak sz\u00e1momra m\u00e1r l\u00e1thatatlanok. Erre te is k\u00e9pes vagy, s\u0151t neked, ha p\u00e9ld\u00e1ul a l\u00e1t\u00e1sod \u00e9p m\u00e9g nagyobb er\u0151 van a kezedben. Mert magad el\u00e9 tudod k\u00e9pzelni azt, amit szeretn\u00e9l. A sz\u00e9p, \u00e9let rajzolta ecsetvon\u00e1sok pillanatok alatt elevenednek meg k\u00e9pzeletedben. Gondolj erre, csak erre.<\/span><\/span><\/p>\r\n<p><span style=\"font-family: 'Courier New'\"><span style=\"color: #000000\">Ha b\u00e1ntanak, ha s\u00e9rtegetnek, ha p\u00e1nikolsz a j\u00f6v\u0151 h\u00f3nap csekkjein, ereszd el \u0151ket! Hogy \u00e9n k\u00f6nnyen besz\u00e9lek, mert nekem olyan j\u00f3? Igen, hidd ezt. Nekem am\u00fagy t\u00e9nyleg j\u00f3, nem is cser\u00e9ln\u00e9k senkivel, olyan szerencs\u00e9s vagyok, ami\u00e9rt nem gy\u0151z\u00f6k h\u00e1l\u00e1t adni nap, mint nap. Adj h\u00e1l\u00e1t te is, az \u00e9leted\u00e9rt, minden\u00e9rt! M\u00e9g a rossz dolgok\u00e9rt is! De visszat\u00e9rve a kett\u0151vel ezel\u0151tti megjegyz\u00e9semhez: az\u00e9rt kell munk\u00e1lkodnod azon, hogy a negat\u00edvumokat sz\u00e9lnek tudd ereszteni, mert akkor sem v\u00e1ltozik a helyzet egy fikarcnyit sem, ha tov\u00e1bb ideges\u00edted magad. Ha agyv\u00e9rz\u00e9sig toporz\u00e9kolsz otthon, hogy nincs p\u00e9nz, akkor szerinted hirtelen meg fognak a null\u00e1k szaporodni a foly\u00f3sz\u00e1mla kivonatodon? Vagy, ha 24 \u00f3r\u00e1b\u00f3l 21-et azzal t\u00f6ltesz, hogy azt a szemetet szidod, aki megint bel\u00e9d r\u00fagott, akkor kinek az erej\u00e9t er\u0151s\u00edted? H\u00e1t nem a magad\u00e9t az biztos.<\/span><\/span><\/p>\r\n[caption id=\"attachment_6044088\" align=\"alignnone\" width=\"300\"]<a href=\"https:\/\/vakvagany.cafeblog.hu\/files\/2017\/03\/17199977_10211677469869392_20143231_o.jpg\"><img class=\"size-medium wp-image-6044088\" src=\"https:\/\/vakvagany.cafeblog.hu\/files\/2017\/03\/17199977_10211677469869392_20143231_o-300x200.jpg\" alt=\"\" width=\"300\" height=\"200\" \/><\/a> Fot\u00f3: Kondor Tam\u00e1s[\/caption]\r\n<p><span style=\"font-family: 'Courier New'\"><span style=\"color: #000000\">\u00c9rted m\u00e1r miben rejlik az \u00e9n \u0151r\u00fclts\u00e9gem? Nem azt k\u00e9rem, hogy dugd a fejed a homokba. Csin\u00e1ltam n\u00e9h\u00e1ny \u00e9vig, \u00e9s bizony akkora fen\u00e9kbe billent\u0151 r\u00fag\u00e1st kaptam a sorst\u00f3l, hogy alig t\u00e9rtem magamhoz. Ugyanis az elbagatelliz\u00e1l\u00e1s nem seg\u00edt. Amit \u00e9n k\u00e9rek az egy kicsit pozit\u00edvabb l\u00e9lekszeml\u00e9let. Vedd tudom\u00e1sul, regisztr\u00e1ld a bajokat. Majd a fejedben kattog\u00f3, zajong\u00f3, hergel\u0151d\u00e9sre k\u00e9sz folyamatokat cser\u00e9ld ki, pozit\u00edvokra. Hogy ett\u0151l nem old\u00f3dnak meg az \u00e9get\u0151 probl\u00e9m\u00e1k? Els\u0151re lehet, hogy nem, de id\u0151vel k\u00f6nnyebb lesz cipelned a terhed. Pr\u00f3b\u00e1ld ki! Nem k\u00e9rem, hogy ezt mind elhidd nekem, tapasztald meg a saj\u00e1t b\u0151r\u00f6d\u00f6n. Kezeskedem \u00e9rted. Ha beleadsz apait anyait, menni fog!<\/span><\/span><\/p>\r\n<p><span style=\"font-family: 'Courier New'\"><span style=\"color: #000000\">A v\u00e9g\u00e9re csak p\u00e1r k\u00e9rd\u00e9s. Szerinted mi lenne akkor, ha \u00e9n minden nap azon agyaln\u00e9k, hogy orvosilag nekem m\u00e1r helyem sincs itt a F\u00f6ld\u00f6n? Mi t\u00f6rt\u00e9nne akkor, ha att\u00f3l rettegn\u00e9k, k\u00f6rm\u00f6met csontig r\u00e1gva, hogy mikor z\u00e1rul el, vagy \u00e9pp durran sz\u00e9t az aort\u00e1m? Vajon hol lenn\u00e9k most, ha sz\u00edvem minden dobban\u00e1s\u00e1t \u00f6sszeszor\u00edtan\u00e1 a k\u00ednz\u00f3 k\u00e9ts\u00e9g, hogy m\u00e9g meddig lehetek egy\u00fctt Anyuval, Lilivel, a szeretteimmel?<\/span><\/span><\/p>\r\n[caption id=\"attachment_6044086\" align=\"alignnone\" width=\"200\"]<a href=\"https:\/\/vakvagany.cafeblog.hu\/files\/2017\/03\/17195339_10211677469829391_1778741127_o.jpg\"><img class=\"size-medium wp-image-6044086\" src=\"https:\/\/vakvagany.cafeblog.hu\/files\/2017\/03\/17195339_10211677469829391_1778741127_o-200x300.jpg\" alt=\"\" width=\"200\" height=\"300\" \/><\/a> Fot\u00f3: Kondor Tam\u00e1s[\/caption]\r\n<p><span style=\"font-family: 'Courier New'\"><span style=\"color: #000000\">\u00dagy hiszem tudod a v\u00e1laszokat... Ez\u00e9rt tegy\u00e9l meg nekem egy sz\u00edvess\u00e9get. Csak egyet. Pr\u00f3b\u00e1lj meg v\u00e1ltoztatni, \u00e9s \u0151r\u00fclj meg velem!<\/span><\/span><\/p>\r\n<p>&nbsp;<\/p>","type":"rich","thumbnail_url":"https:\/\/vakvagany.cafeblog.hu\/files\/2017\/03\/17195339_10211677469829391_1778741127_o-150x150.jpg","thumbnail_width":150,"thumbnail_height":150}